{"id":413,"date":"2023-05-13T10:32:42","date_gmt":"2023-05-13T10:32:42","guid":{"rendered":"http:\/\/karenbyk.com\/?page_id=413"},"modified":"2023-05-18T06:53:52","modified_gmt":"2023-05-18T06:53:52","slug":"proyectos","status":"publish","type":"page","link":"https:\/\/karenbyk.com\/index.php\/proyectos\/","title":{"rendered":"Proyectos"},"content":{"rendered":"\n<h2 class=\"wp-block-heading has-text-align-left heading-proyectos\"><strong>Infaleve<\/strong><\/h2>\n\n\n\n<p>\u201cun gesto m\u00ednimo y suave, apenas perceptible: un asiento tibio reci\u00e9n dejado o el olor de una persona que queda en un espacio cuando se va\u201d (M. Duchamp) Como un puente que se construye para unir dos extremos, Infraleve es un proyecto editorial que se ubica en el espacio entre distintos idiomas, distintos pa\u00edses y distintas disciplinas. Tenemos por ahora seis fanzines publicados. Todas las ediciones son armadas y cosidas por nosotros<\/p>\n\n\n\n<p class=\"info-proyectos\">M\u00e1s informaci\u00f3n: <a href=\"byk.karen@gmail.com\" data-type=\"URL\" data-id=\"byk.karen@gmail.com\" target=\"_blank\" rel=\"noreferrer noopener\">byk.karen@gmail.com<\/a><\/p>\n\n\n\n<h2 class=\"wp-block-heading heading-proyectos\"><strong><strong>Pasajero del Muro<\/strong><\/strong><\/h2>\n\n\n\n<p>Pasajero del Muro es una iniciativa que organiza, desde 2018, eventos de micr\u00f3fono abierto para la comunidad hispanohablante en Berl\u00edn. Una vez al mes proponemos una palabra como disparador e invitamos a todo aquellx que quiera a inscribirse y compartir sus textos, con la \u00fanica condici\u00f3n de que sea propio y en espa\u00f1ol. Tenemos, adem\u00e1s, otras actividades: laboratorios de escritura creativa en espa\u00f1ol, Festivales Hispanopo\u00e9ticos y eventos colaborativos con otros proyectos. La propuesta del proyecto es utilizar la escritura como una herramienta para el autoconocimiento y la expresi\u00f3n, y que funcione como una plataforma para crear redes entre migrantes.<\/p>\n\n\n\n<p class=\"info-proyectos\">Para m\u00e1s informaci\u00f3n y fechas de eventos: <a href=\"http:\/\/www.instagram.com\/pasajerodelmuro\" data-type=\"URL\" data-id=\"http:\/\/www.instagram.com\/pasajerodelmuro\" target=\"_blank\" rel=\"noreferrer noopener\">pasajerodelmuro<\/a><\/p>\n\n\n\n<h2 class=\"wp-block-heading has-text-align-left heading-proyectos\"><strong><strong><strong>Zucasa Kulturzentrum<\/strong><\/strong><\/strong><\/h2>\n\n\n\n<p>Zucasa Kulturzentrum fue un centro cultural que estuvo abierto entre 2018 y 2019 en Berl\u00edn. Nacido de migrantes, buscamos construir un espacio com\u00fan de integraci\u00f3n, una casa, un living, una sala de estar abierta, donde todos los miembros pudieran cooperar, expresarse y experimentar. Abrimos las puertas una vez por semana con talleres y eventos, y fuimos un punto de encuentro para m\u00e1s de cien personas cada vez.<\/p>\n\n\n\n<p class=\"info-proyectos\">M\u00e1s informaci\u00f3n: <a rel=\"noreferrer noopener\" href=\"http:\/\/instagram.com\/zucasa.kultur\" data-type=\"URL\" data-id=\"instagram.com\/zucasa.kultur\" target=\"_blank\">instagram.com\/zucasa.kultur<\/a> Zucasa Kultur<\/p>\n\n\n\n<p class=\"info-proyectos\">-Podcast \u201cUna habitaci\u00f3n propia &#8211; en la WG de House of Girls\u201d, en Radio La Berlinesa Para escuchar los programas <a href=\"http:\/\/facebook.com\/radiolaberlinesa\" data-type=\"URL\" data-id=\"facebook.com\/radiolaberlinesa\" target=\"_blank\" rel=\"noreferrer noopener\">radiolaberlinesa<\/a> <\/p>\n","protected":false},"excerpt":{"rendered":"<p>Infaleve \u201cun gesto m\u00ednimo y suave, apenas perceptible: un asiento tibio reci\u00e9n dejado o el olor de una persona que queda en un espacio cuando se va\u201d (M. Duchamp) Como un puente que se construye para unir dos extremos, Infraleve es un proyecto editorial que se ubica en el espacio entre distintos idiomas, distintos pa\u00edses [&hellip;]<\/p>\n","protected":false},"author":1,"featured_media":0,"parent":0,"menu_order":0,"comment_status":"closed","ping_status":"closed","template":"","meta":{"footnotes":""},"class_list":["post-413","page","type-page","status-publish","hentry"],"_links":{"self":[{"href":"https:\/\/karenbyk.com\/index.php\/wp-json\/wp\/v2\/pages\/413","targetHints":{"allow":["GET"]}}],"collection":[{"href":"https:\/\/karenbyk.com\/index.php\/wp-json\/wp\/v2\/pages"}],"about":[{"href":"https:\/\/karenbyk.com\/index.php\/wp-json\/wp\/v2\/types\/page"}],"author":[{"embeddable":true,"href":"https:\/\/karenbyk.com\/index.php\/wp-json\/wp\/v2\/users\/1"}],"replies":[{"embeddable":true,"href":"https:\/\/karenbyk.com\/index.php\/wp-json\/wp\/v2\/comments?post=413"}],"version-history":[{"count":16,"href":"https:\/\/karenbyk.com\/index.php\/wp-json\/wp\/v2\/pages\/413\/revisions"}],"predecessor-version":[{"id":545,"href":"https:\/\/karenbyk.com\/index.php\/wp-json\/wp\/v2\/pages\/413\/revisions\/545"}],"wp:attachment":[{"href":"https:\/\/karenbyk.com\/index.php\/wp-json\/wp\/v2\/media?parent=413"}],"curies":[{"name":"wp","href":"https:\/\/api.w.org\/{rel}","templated":true}]}}